{"id":5175,"date":"2024-07-17T15:35:44","date_gmt":"2024-07-17T13:35:44","guid":{"rendered":"https:\/\/www.recordinformatica.it\/?page_id=5175"},"modified":"2024-07-18T12:25:14","modified_gmt":"2024-07-18T10:25:14","slug":"privacy-prodotti","status":"publish","type":"page","link":"https:\/\/www.recordinformatica.it\/it\/privacy-prodotti.htm","title":{"rendered":"Privacy policy"},"content":{"rendered":"<p>[vc_row el_class=&#8221;fake_breadcrumbs&#8221;][vc_column][vc_column_text]<strong>Manutenzione<\/strong>[\/vc_column_text][\/vc_column][\/vc_row][vc_row][vc_column][vc_column_text]<\/p>\n<div id=\"destra\">\n<div id=\"destra\">\n<p><img loading=\"lazy\" decoding=\"async\" class=\"wp-image-5176 size-medium alignleft\" src=\"https:\/\/www.recordinformatica.it\/wp-content\/uploads\/2024\/07\/privacy-300x182.jpg\" alt=\"Privacy\" width=\"300\" height=\"182\" srcset=\"https:\/\/www.recordinformatica.it\/wp-content\/uploads\/2024\/07\/privacy-300x182.jpg 300w, https:\/\/www.recordinformatica.it\/wp-content\/uploads\/2024\/07\/privacy-768x467.jpg 768w, https:\/\/www.recordinformatica.it\/wp-content\/uploads\/2024\/07\/privacy.jpg 833w\" sizes=\"auto, (max-width: 300px) 100vw, 300px\" \/><\/p>\n<p><strong>Informativa per il trattamento dei dati personali ai sensi dell\u2019art. 13 del Regolamento UE n. 679\/2016 (\u201cGDPR\u201d)<\/strong><\/p>\n<\/div>\n<div id=\"testo\">\n<p><b>1. Titolare del trattamento<\/b><\/p>\n<p>Il titolare del trattamento \u00e8 Record Informatica srl &#8211; Baluardo A. La Marmora, 2 (NO) &#8211; P.I. 01939230031 (di seguito &#8220;Titolare&#8221; oppure &#8220;il Titolare&#8221;).<b><br \/>\n<\/b><\/p>\n<p>Per qualsiasi richiesta in merito al trattamento dei dati personali, nonch\u00e9 per esercitare i diritti riconosciuti dal GDPR, e meglio<br \/>\ndescritti al punto 5, \u00e8 possibile contattare il Titolare all\u2019indirizzo e-mail: record@recordinformatica.it<\/p>\n<p><strong>2. Finalit\u00e0 del Trattamento<\/strong><\/p>\n<p>Il Titolare raccoglie dei dati personali dei Clienti per la gestione della normale attivit\u00e0 prevista dai contratti. Tali dati personali vengono trattati per le finalit\u00e0 di seguito descritte.<\/p>\n<p><strong>a) Concludere i contratti per i servizi forniti dal Titolare.<br \/>\n<\/strong>I dati potranno essere raccolti e trattati per la finalit\u00e0 della conclusione dei contratti per le attivit\u00e0\/servizi forniti dal Titolare<strong>.<br \/>\n<\/strong><\/p>\n<p><strong>b) Adempiere agli obblighi derivanti dai rapporti in essere.<\/strong><br \/>\nLe motivazioni di questa raccolta sono legati al dare riscontro alle richieste di informazioni ed alla gestione dei contratti derivanti dai rapporti attivi.<br \/>\nI dati trattati sono: nome e cognome, dati anagrafici, codice fiscale, indirizzi email, numero di telefono e riferimenti bancari.<br \/>\nLa base giuridica della raccolta \u00e8 legata all&#8217;esecuzione di un contratto di cui il cliente \u00e8 parte (art. 6-1 (b) GDPR) (&#8220;<em>il trattamento \u00e8 necessario all&#8217;esecuzione di un contratto di cui l&#8217;interessato \u00e8 parte o all&#8217;esecuzione di misure precontrattuali adottate su richiesta dello stesso<\/em>&#8220;). Il conferimento dei dati \u00e8 necessario, poich\u00e9, in assenza, il Titolare non potr\u00e0 dare<br \/>\nriscontro alle richieste del Cliente, fornire comunicazioni di servizio e dare esecuzione al contratto stesso.<br \/>\nI dati dei Clienti saranno conservati solo per il tempo necessario per l\u2019esecuzione dei servizi richiesti o per il tempo di conservazione previsto dalla legge.<br \/>\nI dati saranno condivisi con dipendenti e collaboratori del Titolare nella loro qualit\u00e0 di esecutori delle finalit\u00e0 del contratto\/servizio.<br \/>\nI dati potranno essere condivisi con societ\u00e0 terze o altri soggetti (istituti di credito, studi professionali, consulenti, studi legali, ecc..) che svolgono attivit\u00e0 per conto del Titolare, nella loro qualit\u00e0 di responsabili esterni del trattamento per le aree di loro competenza.<\/p>\n<p><strong>c) Difesa dei i propri diritti<br \/>\n<\/strong>Il Titolare potr\u00e0 trattare i dati personali per la difesa dei diritti e\/o agire nel corso di procedimenti giudiziali, amministrativi o stragiudiziali e nell\u2019ambito di controversie sorte in relazione ai servizi resi.<br \/>\nA seconda dei casi saranno trattati i dati personali raccolti per le varie finalit\u00e0 esposte nella presente informativa.<br \/>\nLa base giuridica \u00e8 quella del legittimo interesse del Titolare alla tutela dei propri diritti (art. 6-1 (f) GDPR) (&#8220;<em>il trattamento \u00e8 necessario per il perseguimento del legittimo interesse del titolare del trattamento o di terzi, a condizione che non prevalgano gli interessi o i diritti e le libert\u00e0 fondamentali dell&#8217;interessato che richiedono la protezione dei dati personali, in particolare se l&#8217;interessato \u00e8 un minore.<\/em>&#8220;).<br \/>\nI dati dei Clienti saranno conservati per il tempo necessario ad adempiere ad eventuali obblighi legali, con riferimento alla tutela in sede giudiziaria dei diritti del Titolare, ovvero in caso di\u00a0 richieste dell\u2019autorit\u00e0, ovvero perseguire la tutela del diritto.<br \/>\nDipendenti e collaboratori del Titolare e Societ\u00e0 terze potranno trattare i dati personali per la difesa dei diritti e\/o agire nel corso di procedimenti giudiziali, amministrativi o stragiudiziali e nell\u2019ambito di controversie sorte in relazione ai servizi resi.<\/p>\n<p><strong>d) Adempimento di obblighi di legge<br \/>\n<\/strong>Il Titolare potr\u00e0 trattare i dati personali per l&#8217;adempimento di obblighi a cui \u00e8 tenuto sulla base di leggi, normative comunitarie, regolamenti o da disposizioni e richieste delle autorit\u00e0 a ci\u00f2 legittimate.<br \/>\nI dati trattati dipenderanno dagli obblighi a cui adempiere.<br \/>\nLa base giuridica \u00e8 l&#8217;adempimento di un obbligo legale (articolo 6-1 (c) del GDPR) (&#8220;<em>il trattamento \u00e8 necessario per adempiere un obbligo legale al quale \u00e8 soggetto il titolare del trattamento<\/em>&#8220;).<br \/>\nI dati dei Clienti saranno conservati per il tempo necessario ad adempiere agli obblighi di legge e dare corso alle\u00a0 richieste dell\u2019autorit\u00e0.<br \/>\nDipendenti e collaboratori del Titolare e Societ\u00e0 terze potranno trattare i dati personali per l&#8217;adempimento di obblighi di legge.<\/p>\n<p><strong>e) Svolgimento di attivit\u00e0 di marketing<br \/>\n<\/strong>Il Titolare, potr\u00e0 trattare i dati personali per finalit\u00e0 di marketing e comunicazione pubblicitaria volta ad informare il Cliente su iniziative promozionali del Titolare mediante strumenti quali ad esempio, posta elettronica, SMS, Whatsapp e altri strumenti di messaggistica, oppure per condurre ricerche di mercato.<strong><br \/>\n<\/strong>Verranno trattati i seguenti dati: nome e cognome, email, numero di cellulare e numero di telefono.<br \/>\nLa base giuridica del trattamento risiede nella necessit\u00e0 di effettuare periodiche comunicazioni alla clientela (articolo 6-1 (a) del GDPR) (&#8220;<em>l&#8217;interessato ha espresso il consenso al trattamento dei propri dati personali per una o pi\u00f9 specifiche finalit\u00e0<\/em>&#8220;).<br \/>\nI dati dei Clienti saranno conservati per il tempo necessario ad adempiere alle attivit\u00e0 di marketing previste durante il periodo d&#8217;uso dei servizi.<br \/>\nDipendenti e collaboratori del Titolare e Societ\u00e0 terze potranno trattare i dati personali per l&#8217;adempimento delle finalit\u00e0 di marketing connesse al prodotto\/servizio acquistato.<\/p>\n<p><strong>3. Modalit\u00e0 di trattamento<br \/>\n<\/strong><\/p>\n<p>Il Titolare tratta i dati personali dei Clienti per mezzo delle operazioni indicate all&#8217;art. 4 n. 2) GDPR e precisamente:<br \/>\n&#8220;<em>qualsiasi operazione o insieme di operazioni, compiute con o senza l&#8217;ausilio di processi automatizzati e applicate a dati personali o insiemi di dati personali, come la raccolta, la registrazione, l&#8217;organizzazione, la strutturazione, la conservazione, l&#8217;adattamento o la modifica, l&#8217;estrazione, la consultazione, l&#8217;uso, la comunicazione mediante trasmissione, diffusione o qualsiasi altra forma di messa a disposizione, il raffronto o l&#8217;interconnessione, la limitazione, la cancellazione o la distruzione<\/em>&#8221;<br \/>\nI dati sono sottoposti a trattamento sia cartaceo che elettronico.<br \/>\nIl Titolare conserva i dati personali di Clienti, solo per il tempo necessario al conseguimento delle finalit\u00e0 per le quali sono stati raccolti o per qualsiasi altra legittima finalit\u00e0 collegata.<br \/>\nI dati personali che non siano pi\u00f9 necessari o per i quali non vi sia pi\u00f9 un presupposto giuridico per la relativa conservazione, verranno cancellati \/ distrutti.<\/p>\n<p><strong>4. Trasferimento verso paesi terzi<br \/>\n<\/strong>I dati personali saranno trattati, per le finalit\u00e0 di cui alla presente Informativa, esclusivamente all\u2019interno dei paesi che appartengono all\u2019Unione Europea (UE).<\/p>\n<p><strong>5. Diritti in materia e Reclami da avanzare all&#8217;autorit\u00e0 di controllo<br \/>\n<\/strong><\/p>\n<p>Ogni Cliente ha diritto di chiedere al Titolare, previa sussistenza del presupposto giuridico alla base della richiesta:<br \/>\na) l\u2019accesso ai dati personali, come previsto dall\u2019art. 15 del GDPR: &#8220;<em>L&#8217;interessato ha il diritto di ottenere dal titolare del trattamento la rettifica dei dati personali inesatti che lo riguardano senza ingiustificato ritardo<\/em>&#8221;<br \/>\nb) la rettifica o l\u2019integrazione dei dati personali in possesso del Titolare ritenuti inesatti, come previsto dall\u2019art. 16 del GDPR<br \/>\nc) la cancellazione dei dati personali per il quale il Titolare non ha pi\u00f9 alcun presupposto giuridico per il trattamento, come previsto dall\u2019art. 17 del GDPR<br \/>\nd) la limitazione del modo in cui i dati personali sono trattati, qualora ricorrano una delle ipotesi previsti dall\u2019art. 18 del GDPR<br \/>\ne) la copia dei dati personali forniti al Titolare, in un formato strutturato, di uso comune e leggibile da dispositivo automatico e la trasmissione di tali dati ad un altro titolare del trattamento (cd. portabilit\u00e0), come previsto dall\u2019art.20 del GDPR<br \/>\nf) la revoca del consenso, laddove il trattamento sia fondato su tale base giuridica.<\/p>\n<p>Diritto di opposizione: oltre ai diritti in precedenza elencati, il Cliente ha sempre facolt\u00e0 di opporsi in qualsiasi momento al trattamento dei dati personali svolto dal Titolare per il perseguimento del proprio legittimo interesse. Inoltre, il Cliente pu\u00f2 sempre opporsi in qualsiasi momento qualora i dati personali siano trattati per finalit\u00e0 di marketing. L\u2019esercizio di tali diritti, che pu\u00f2 essere fatto attraverso i recapiti del Titolare indicati al punto 1, \u00e8 gratuito e non \u00e8 soggetto a vincoli. Sar\u00e0 onere del Titolare verificare che il Cliente sia legittimato ad esercitare il relativo diritto e dare riscontro, di regola, entro un mese.<br \/>\nNel caso in cui il Cliente ritenga che il trattamento dei propri dati personali avvenga in violazione di quanto previsto dal GDPR ha il diritto di proporre reclamo al Garante per la protezione dei dati personali, utilizzando i riferimenti disponibili nel sito internet www.garanteprivacy.it, o di adire le opportune sedi giudiziarie<strong>.<br \/>\n<\/strong><\/p>\n<p>Data Ultimo aggiornamento: Luglio 2024<\/p>\n<\/div>\n<\/div>\n<p>[\/vc_column_text][\/vc_column][\/vc_row]<\/p>\n","protected":false},"excerpt":{"rendered":"<p>[vc_row el_class=&#8221;fake_breadcrumbs&#8221;][vc_column][vc_column_text]Manutenzione[\/vc_column_text][\/vc_column][\/vc_row][vc_row][vc_column][vc_column_text] Informativa per il trattamento dei dati personali ai sensi dell\u2019art. 13 del Regolamento UE n. 679\/2016 (\u201cGDPR\u201d) 1.<\/p>\n","protected":false},"author":7,"featured_media":0,"parent":0,"menu_order":0,"comment_status":"closed","ping_status":"closed","template":"","meta":{"footnotes":""},"class_list":["post-5175","page","type-page","status-publish","hentry"],"yoast_head":"<!-- This site is optimized with the Yoast SEO plugin v27.5 - https:\/\/yoast.com\/product\/yoast-seo-wordpress\/ -->\n<title>Privacy policy<\/title>\n<meta name=\"description\" content=\"Caratteristiche del servizio di &quot;manutenzione software&quot; per una applicazione informatica.\" \/>\n<meta name=\"robots\" content=\"index, follow, max-snippet:-1, max-image-preview:large, max-video-preview:-1\" \/>\n<link rel=\"canonical\" href=\"https:\/\/www.recordinformatica.it\/it\/privacy-prodotti.htm\" \/>\n<meta property=\"og:locale\" content=\"it_IT\" \/>\n<meta property=\"og:type\" content=\"article\" \/>\n<meta property=\"og:title\" content=\"Privacy policy\" \/>\n<meta property=\"og:description\" content=\"Caratteristiche del servizio di &quot;manutenzione software&quot; per una applicazione informatica.\" \/>\n<meta property=\"og:url\" content=\"https:\/\/www.recordinformatica.it\/it\/privacy-prodotti.htm\" \/>\n<meta property=\"og:site_name\" content=\"Record Informatica\" \/>\n<meta property=\"article:modified_time\" content=\"2024-07-18T10:25:14+00:00\" \/>\n<meta property=\"og:image\" content=\"https:\/\/www.recordinformatica.it\/wp-content\/uploads\/2024\/07\/privacy-300x182.jpg\" \/>\n<meta name=\"twitter:card\" content=\"summary_large_image\" \/>\n<meta name=\"twitter:label1\" content=\"Tempo di lettura stimato\" \/>\n\t<meta name=\"twitter:data1\" content=\"8 minuti\" \/>\n<script type=\"application\/ld+json\" class=\"yoast-schema-graph\">{\"@context\":\"https:\\\/\\\/schema.org\",\"@graph\":[{\"@type\":\"WebPage\",\"@id\":\"https:\\\/\\\/www.recordinformatica.it\\\/it\\\/privacy-prodotti.htm\",\"url\":\"https:\\\/\\\/www.recordinformatica.it\\\/it\\\/privacy-prodotti.htm\",\"name\":\"Privacy policy\",\"isPartOf\":{\"@id\":\"https:\\\/\\\/www.recordinformatica.it\\\/it\\\/#website\"},\"primaryImageOfPage\":{\"@id\":\"https:\\\/\\\/www.recordinformatica.it\\\/it\\\/privacy-prodotti.htm#primaryimage\"},\"image\":{\"@id\":\"https:\\\/\\\/www.recordinformatica.it\\\/it\\\/privacy-prodotti.htm#primaryimage\"},\"thumbnailUrl\":\"https:\\\/\\\/www.recordinformatica.it\\\/wp-content\\\/uploads\\\/2024\\\/07\\\/privacy-300x182.jpg\",\"datePublished\":\"2024-07-17T13:35:44+00:00\",\"dateModified\":\"2024-07-18T10:25:14+00:00\",\"description\":\"Caratteristiche del servizio di \\\"manutenzione software\\\" per una applicazione informatica.\",\"breadcrumb\":{\"@id\":\"https:\\\/\\\/www.recordinformatica.it\\\/it\\\/privacy-prodotti.htm#breadcrumb\"},\"inLanguage\":\"it-IT\",\"potentialAction\":[{\"@type\":\"ReadAction\",\"target\":[\"https:\\\/\\\/www.recordinformatica.it\\\/it\\\/privacy-prodotti.htm\"]}]},{\"@type\":\"ImageObject\",\"inLanguage\":\"it-IT\",\"@id\":\"https:\\\/\\\/www.recordinformatica.it\\\/it\\\/privacy-prodotti.htm#primaryimage\",\"url\":\"https:\\\/\\\/www.recordinformatica.it\\\/wp-content\\\/uploads\\\/2024\\\/07\\\/privacy-300x182.jpg\",\"contentUrl\":\"https:\\\/\\\/www.recordinformatica.it\\\/wp-content\\\/uploads\\\/2024\\\/07\\\/privacy-300x182.jpg\"},{\"@type\":\"BreadcrumbList\",\"@id\":\"https:\\\/\\\/www.recordinformatica.it\\\/it\\\/privacy-prodotti.htm#breadcrumb\",\"itemListElement\":[{\"@type\":\"ListItem\",\"position\":1,\"name\":\"Home\",\"item\":\"https:\\\/\\\/www.recordinformatica.it\\\/it\\\/\"},{\"@type\":\"ListItem\",\"position\":2,\"name\":\"Privacy policy\"}]},{\"@type\":\"WebSite\",\"@id\":\"https:\\\/\\\/www.recordinformatica.it\\\/it\\\/#website\",\"url\":\"https:\\\/\\\/www.recordinformatica.it\\\/it\\\/\",\"name\":\"Record Informatica\",\"description\":\"\",\"publisher\":{\"@id\":\"https:\\\/\\\/www.recordinformatica.it\\\/it\\\/#organization\"},\"potentialAction\":[{\"@type\":\"SearchAction\",\"target\":{\"@type\":\"EntryPoint\",\"urlTemplate\":\"https:\\\/\\\/www.recordinformatica.it\\\/it\\\/?s={search_term_string}\"},\"query-input\":{\"@type\":\"PropertyValueSpecification\",\"valueRequired\":true,\"valueName\":\"search_term_string\"}}],\"inLanguage\":\"it-IT\"},{\"@type\":\"Organization\",\"@id\":\"https:\\\/\\\/www.recordinformatica.it\\\/it\\\/#organization\",\"name\":\"Record Informatica\",\"url\":\"https:\\\/\\\/www.recordinformatica.it\\\/it\\\/\",\"logo\":{\"@type\":\"ImageObject\",\"inLanguage\":\"it-IT\",\"@id\":\"https:\\\/\\\/www.recordinformatica.it\\\/it\\\/#\\\/schema\\\/logo\\\/image\\\/\",\"url\":\"https:\\\/\\\/www.recordinformatica.it\\\/wp-content\\\/uploads\\\/2023\\\/03\\\/logo_recordgrande_white_border_top_bottom-3.jpg\",\"contentUrl\":\"https:\\\/\\\/www.recordinformatica.it\\\/wp-content\\\/uploads\\\/2023\\\/03\\\/logo_recordgrande_white_border_top_bottom-3.jpg\",\"width\":568,\"height\":368,\"caption\":\"Record Informatica\"},\"image\":{\"@id\":\"https:\\\/\\\/www.recordinformatica.it\\\/it\\\/#\\\/schema\\\/logo\\\/image\\\/\"}}]}<\/script>\n<!-- \/ Yoast SEO plugin. -->","yoast_head_json":{"title":"Privacy policy","description":"Caratteristiche del servizio di \"manutenzione software\" per una applicazione informatica.","robots":{"index":"index","follow":"follow","max-snippet":"max-snippet:-1","max-image-preview":"max-image-preview:large","max-video-preview":"max-video-preview:-1"},"canonical":"https:\/\/www.recordinformatica.it\/it\/privacy-prodotti.htm","og_locale":"it_IT","og_type":"article","og_title":"Privacy policy","og_description":"Caratteristiche del servizio di \"manutenzione software\" per una applicazione informatica.","og_url":"https:\/\/www.recordinformatica.it\/it\/privacy-prodotti.htm","og_site_name":"Record Informatica","article_modified_time":"2024-07-18T10:25:14+00:00","og_image":[{"url":"https:\/\/www.recordinformatica.it\/wp-content\/uploads\/2024\/07\/privacy-300x182.jpg","type":"","width":"","height":""}],"twitter_card":"summary_large_image","twitter_misc":{"Tempo di lettura stimato":"8 minuti"},"schema":{"@context":"https:\/\/schema.org","@graph":[{"@type":"WebPage","@id":"https:\/\/www.recordinformatica.it\/it\/privacy-prodotti.htm","url":"https:\/\/www.recordinformatica.it\/it\/privacy-prodotti.htm","name":"Privacy policy","isPartOf":{"@id":"https:\/\/www.recordinformatica.it\/it\/#website"},"primaryImageOfPage":{"@id":"https:\/\/www.recordinformatica.it\/it\/privacy-prodotti.htm#primaryimage"},"image":{"@id":"https:\/\/www.recordinformatica.it\/it\/privacy-prodotti.htm#primaryimage"},"thumbnailUrl":"https:\/\/www.recordinformatica.it\/wp-content\/uploads\/2024\/07\/privacy-300x182.jpg","datePublished":"2024-07-17T13:35:44+00:00","dateModified":"2024-07-18T10:25:14+00:00","description":"Caratteristiche del servizio di \"manutenzione software\" per una applicazione informatica.","breadcrumb":{"@id":"https:\/\/www.recordinformatica.it\/it\/privacy-prodotti.htm#breadcrumb"},"inLanguage":"it-IT","potentialAction":[{"@type":"ReadAction","target":["https:\/\/www.recordinformatica.it\/it\/privacy-prodotti.htm"]}]},{"@type":"ImageObject","inLanguage":"it-IT","@id":"https:\/\/www.recordinformatica.it\/it\/privacy-prodotti.htm#primaryimage","url":"https:\/\/www.recordinformatica.it\/wp-content\/uploads\/2024\/07\/privacy-300x182.jpg","contentUrl":"https:\/\/www.recordinformatica.it\/wp-content\/uploads\/2024\/07\/privacy-300x182.jpg"},{"@type":"BreadcrumbList","@id":"https:\/\/www.recordinformatica.it\/it\/privacy-prodotti.htm#breadcrumb","itemListElement":[{"@type":"ListItem","position":1,"name":"Home","item":"https:\/\/www.recordinformatica.it\/it\/"},{"@type":"ListItem","position":2,"name":"Privacy policy"}]},{"@type":"WebSite","@id":"https:\/\/www.recordinformatica.it\/it\/#website","url":"https:\/\/www.recordinformatica.it\/it\/","name":"Record Informatica","description":"","publisher":{"@id":"https:\/\/www.recordinformatica.it\/it\/#organization"},"potentialAction":[{"@type":"SearchAction","target":{"@type":"EntryPoint","urlTemplate":"https:\/\/www.recordinformatica.it\/it\/?s={search_term_string}"},"query-input":{"@type":"PropertyValueSpecification","valueRequired":true,"valueName":"search_term_string"}}],"inLanguage":"it-IT"},{"@type":"Organization","@id":"https:\/\/www.recordinformatica.it\/it\/#organization","name":"Record Informatica","url":"https:\/\/www.recordinformatica.it\/it\/","logo":{"@type":"ImageObject","inLanguage":"it-IT","@id":"https:\/\/www.recordinformatica.it\/it\/#\/schema\/logo\/image\/","url":"https:\/\/www.recordinformatica.it\/wp-content\/uploads\/2023\/03\/logo_recordgrande_white_border_top_bottom-3.jpg","contentUrl":"https:\/\/www.recordinformatica.it\/wp-content\/uploads\/2023\/03\/logo_recordgrande_white_border_top_bottom-3.jpg","width":568,"height":368,"caption":"Record Informatica"},"image":{"@id":"https:\/\/www.recordinformatica.it\/it\/#\/schema\/logo\/image\/"}}]}},"_links":{"self":[{"href":"https:\/\/www.recordinformatica.it\/it\/wp-json\/wp\/v2\/pages\/5175","targetHints":{"allow":["GET"]}}],"collection":[{"href":"https:\/\/www.recordinformatica.it\/it\/wp-json\/wp\/v2\/pages"}],"about":[{"href":"https:\/\/www.recordinformatica.it\/it\/wp-json\/wp\/v2\/types\/page"}],"author":[{"embeddable":true,"href":"https:\/\/www.recordinformatica.it\/it\/wp-json\/wp\/v2\/users\/7"}],"replies":[{"embeddable":true,"href":"https:\/\/www.recordinformatica.it\/it\/wp-json\/wp\/v2\/comments?post=5175"}],"version-history":[{"count":0,"href":"https:\/\/www.recordinformatica.it\/it\/wp-json\/wp\/v2\/pages\/5175\/revisions"}],"wp:attachment":[{"href":"https:\/\/www.recordinformatica.it\/it\/wp-json\/wp\/v2\/media?parent=5175"}],"curies":[{"name":"wp","href":"https:\/\/api.w.org\/{rel}","templated":true}]}}